{"id":1256,"date":"2023-03-21T13:57:58","date_gmt":"2023-03-21T12:57:58","guid":{"rendered":"https:\/\/muveszvolgykuria.t.onlab.hu\/?post_type=mvk-sight&#038;p=1256"},"modified":"2023-03-24T17:53:50","modified_gmt":"2023-03-24T16:53:50","slug":"peninsula-tihany","status":"publish","type":"mvk-sight","link":"https:\/\/muveszvolgykuria.eu\/ro\/latnivalok\/peninsula-tihany\/","title":{"rendered":"Peninsula Tihany"},"content":{"rendered":"\n<p>Peninsula Tihany este unul dintre cele mai frumoase \u021binuturi ale Ungariei. Peninsula cu o l\u0103\u021bime medie de 2 kilometri se \u00eentinde \u00een lac, \u00een partea de nord a lacului Balaton, l\u00e2ng\u0103 Asz\u00f3f\u0151. Peninsula are o lungime de 5 kilometri \u0219i este cea mai lat\u0103 de 3,5 kilometri. Administrativ, peninsula apar\u021bine Tihany.<\/p>\n\n\n\n<p>Peninsula Tihany prezint\u0103 o mul\u021bime de obiective turistice \u00eentr-un spa\u021biu relativ mic. Originea sa vulcanic\u0103 este prezentat\u0103 de multe relicve aparente la locul respectiv. Muntele Cs\u00facs &#8211; cea mai \u00eenalt\u0103 parte a peninsulei &#8211; se afl\u0103 pe partea de vest cu \u00een\u0103l\u021bimea sa de 232 metri. \u00d3v\u00e1r, pu\u021bin la est, are o \u00een\u0103l\u021bime de numai 214 metri.<\/p>\n\n\n\n<p>Peninsula face parte din Parcul Na\u021bional Balaton-Highlands \u0219i este un parc peisagistic proeminent \u0219i o regiune turistic\u0103 a \u021b\u0103rii, fiind prima de acest gen<\/p>\n\n\n\n<p>\u00cen epoca medieval\u0103, exact \u00een 1055, Andrei cel dint\u00e2i a construit pe el un cimitir \u0219i o m\u0103n\u0103stire care au fost date benedictinilor. A\u0219a a fost \u00eenfiin\u021bat\u0103 prima a\u0219ezare din Tihany, iar m\u0103n\u0103stirea reconstruit\u0103 \u00een secolul al XIII-lea este \u00eenc\u0103 icoana sa veche.<\/p>\n\n\n\n<p>Peninsula, \u00een climatul s\u0103u, este similar\u0103 cu cea a submediteraneului sud-european, care este completat\u0103 de echilibrarea naturii masei de ap\u0103 a lacului. Prim\u0103vara se \u00eenc\u0103lze\u0219te \u00eencet, prin urmare, efectul r\u0103celilor t\u00e2rzii este atenuat. Vara este cald\u0103 \u0219i uscat\u0103. Pietrele \u0219i solul de culoare \u00eenchis\u0103 fac c\u0103ldura insuportabil\u0103 uneori. C\u0103derea \u00eencepe de obicei cu precipita\u021bii abundente \u0219i pleac\u0103 doar t\u00e2rziu. Iarna cu adev\u0103rat rece \u0219i \u00eenz\u0103pezit\u0103 are loc doar odat\u0103 ce lacul \u00eencepe s\u0103 fie \u00eenghe\u021bat.<\/p>\n","protected":false},"featured_media":542,"template":"","acf":[],"_links":{"self":[{"href":"https:\/\/muveszvolgykuria.eu\/ro\/wp-json\/wp\/v2\/mvk-sight\/1256"}],"collection":[{"href":"https:\/\/muveszvolgykuria.eu\/ro\/wp-json\/wp\/v2\/mvk-sight"}],"about":[{"href":"https:\/\/muveszvolgykuria.eu\/ro\/wp-json\/wp\/v2\/types\/mvk-sight"}],"wp:featuredmedia":[{"embeddable":true,"href":"https:\/\/muveszvolgykuria.eu\/ro\/wp-json\/wp\/v2\/media\/542"}],"wp:attachment":[{"href":"https:\/\/muveszvolgykuria.eu\/ro\/wp-json\/wp\/v2\/media?parent=1256"}],"curies":[{"name":"wp","href":"https:\/\/api.w.org\/{rel}","templated":true}]}}