{"id":1257,"date":"2023-03-21T13:58:27","date_gmt":"2023-03-21T12:58:27","guid":{"rendered":"https:\/\/muveszvolgykuria.t.onlab.hu\/?post_type=mvk-sight&#038;p=1257"},"modified":"2023-03-24T17:54:11","modified_gmt":"2023-03-24T16:54:11","slug":"micul-balaton","status":"publish","type":"mvk-sight","link":"https:\/\/muveszvolgykuria.eu\/ro\/latnivalok\/micul-balaton\/","title":{"rendered":"Micul-Balaton"},"content":{"rendered":"\n<p>Una dintre cele mai deosebite regiuni ale Ungariei este Balatonul Mic, care se g\u0103se\u0219te \u00een partea de sud-vest a lacului. P\u00e2n\u0103 \u00een secolul al XVIII-lea nu s-a f\u0103cut nicio distinc\u021bie \u00eentre cele dou\u0103.<\/p>\n\n\n\n<p>Terenul aflat \u00een zona deltei a r\u00e2ului Zala a fost \u00eentotdeauna o mla\u0219tin\u0103 cu nivelurile sale de ap\u0103 \u00een schimbare. Golful a jucat un rol important pentru ca r\u00e2ul s\u0103-\u0219i plaseze deriva.<\/p>\n\n\n\n<p>Micul-Balaton este protejat la nivel na\u021bional din 1951. Regiunea este \u00eenregistrat\u0103 ca un habitat important \u00een apropiere de ap\u0103 la nivel interna\u021bional din 1979 (Conven\u021bia Ramsar) \u0219i este o parte important\u0103 a Re\u021belei de protec\u021bie a naturii a Comunit\u0103\u021bii Europene \u0219i \u201eNatura\u201d din 2004 \u0219i respectiv 2000.<\/p>\n\n\n\n<p>Schimb\u0103rile din regiune \u00een secolul al XIX-lea au determinat sc\u0103derea nivelului apei pe aceast\u0103 parte a lacului. Construirea c\u0103ii ferate pe partea de sud a lacului Balaton este unul dintre factorii majori, care au influen\u021bat schimbarea. Ini\u021biativele agricole din secolul al XX-lea au determinat sc\u0103derea nivelului apei \u0219i, prin urmare, a ecosistemului mai jos, din cauza dren\u0103rii mla\u0219tinilor \u0219i a construirii de canali artificiali.<\/p>\n\n\n\n<p>\u00centinerirea Micului Balaton a fost un proiect \u00een curs de desf\u0103\u0219urare din 1980. Lacul nou construit de 28 de milioane de metri cubi pe 1870 de hectare func\u021bioneaz\u0103 acum ca filtru. R\u00e2ul Zala face o c\u0103l\u0103torie lung\u0103 de 22 de kilometri \u00een lacul artificial \u0219i este redirec\u021bionat doar la albia ini\u021bial\u0103 dup\u0103 acesta.<\/p>\n","protected":false},"featured_media":551,"template":"","acf":[],"_links":{"self":[{"href":"https:\/\/muveszvolgykuria.eu\/ro\/wp-json\/wp\/v2\/mvk-sight\/1257"}],"collection":[{"href":"https:\/\/muveszvolgykuria.eu\/ro\/wp-json\/wp\/v2\/mvk-sight"}],"about":[{"href":"https:\/\/muveszvolgykuria.eu\/ro\/wp-json\/wp\/v2\/types\/mvk-sight"}],"wp:featuredmedia":[{"embeddable":true,"href":"https:\/\/muveszvolgykuria.eu\/ro\/wp-json\/wp\/v2\/media\/551"}],"wp:attachment":[{"href":"https:\/\/muveszvolgykuria.eu\/ro\/wp-json\/wp\/v2\/media?parent=1257"}],"curies":[{"name":"wp","href":"https:\/\/api.w.org\/{rel}","templated":true}]}}